{"id":864,"date":"2022-09-30T11:55:26","date_gmt":"2022-09-30T11:55:26","guid":{"rendered":"https:\/\/fritzmeierag.ch\/?page_id=864"},"modified":"2024-01-10T10:38:38","modified_gmt":"2024-01-10T10:38:38","slug":"ueber-uns","status":"publish","type":"page","link":"https:\/\/fritzmeierag.ch\/index.php\/ueber-uns\/","title":{"rendered":"\u00dcber uns"},"content":{"rendered":"\t\t<div data-elementor-type=\"wp-page\" data-elementor-id=\"864\" class=\"elementor elementor-864\" data-elementor-post-type=\"page\">\n\t\t\t\t\t\t<section class=\"elementor-section elementor-top-section elementor-element elementor-element-2e27a8b elementor-section-full_width elementor-section-height-default elementor-section-height-default\" data-id=\"2e27a8b\" data-element_type=\"section\" data-e-type=\"section\">\n\t\t\t\t\t\t<div class=\"elementor-container elementor-column-gap-no\">\n\t\t\t\t\t<div class=\"elementor-column elementor-col-100 elementor-top-column elementor-element elementor-element-bd94849\" data-id=\"bd94849\" data-element_type=\"column\" data-e-type=\"column\">\n\t\t\t<div class=\"elementor-widget-wrap elementor-element-populated\">\n\t\t\t\t\t\t<div class=\"elementor-element elementor-element-677357e elementor-widget elementor-widget-image\" data-id=\"677357e\" data-element_type=\"widget\" data-e-type=\"widget\" data-widget_type=\"image.default\">\n\t\t\t\t<div class=\"elementor-widget-container\">\n\t\t\t\t\t\t\t\t\t\t\t\t\t\t\t<img fetchpriority=\"high\" decoding=\"async\" width=\"1920\" height=\"850\" src=\"https:\/\/fritzmeierag.ch\/wp-content\/uploads\/2022\/10\/Fritz-Meier-Transporte-Kran-Hallau-085_header1.jpg\" class=\"attachment-2048x2048 size-2048x2048 wp-image-3935\" alt=\"\" srcset=\"https:\/\/fritzmeierag.ch\/wp-content\/uploads\/2022\/10\/Fritz-Meier-Transporte-Kran-Hallau-085_header1.jpg 1920w, https:\/\/fritzmeierag.ch\/wp-content\/uploads\/2022\/10\/Fritz-Meier-Transporte-Kran-Hallau-085_header1-300x133.jpg 300w, https:\/\/fritzmeierag.ch\/wp-content\/uploads\/2022\/10\/Fritz-Meier-Transporte-Kran-Hallau-085_header1-1024x453.jpg 1024w, https:\/\/fritzmeierag.ch\/wp-content\/uploads\/2022\/10\/Fritz-Meier-Transporte-Kran-Hallau-085_header1-768x340.jpg 768w, https:\/\/fritzmeierag.ch\/wp-content\/uploads\/2022\/10\/Fritz-Meier-Transporte-Kran-Hallau-085_header1-1536x680.jpg 1536w\" sizes=\"(max-width: 1920px) 100vw, 1920px\" \/>\t\t\t\t\t\t\t\t\t\t\t\t\t\t\t<\/div>\n\t\t\t\t<\/div>\n\t\t\t\t\t<\/div>\n\t\t<\/div>\n\t\t\t\t\t<\/div>\n\t\t<\/section>\n\t\t\t\t<section class=\"elementor-section elementor-top-section elementor-element elementor-element-c1f545a elementor-section-boxed elementor-section-height-default elementor-section-height-default\" data-id=\"c1f545a\" data-element_type=\"section\" data-e-type=\"section\">\n\t\t\t\t\t\t<div class=\"elementor-container elementor-column-gap-no\">\n\t\t\t\t\t<div class=\"elementor-column elementor-col-100 elementor-top-column elementor-element elementor-element-816ee9a\" data-id=\"816ee9a\" data-element_type=\"column\" data-e-type=\"column\">\n\t\t\t<div class=\"elementor-widget-wrap elementor-element-populated\">\n\t\t\t\t\t\t<div class=\"elementor-element elementor-element-9d7288f elementor-widget elementor-widget-heading\" data-id=\"9d7288f\" data-element_type=\"widget\" data-e-type=\"widget\" data-widget_type=\"heading.default\">\n\t\t\t\t<div class=\"elementor-widget-container\">\n\t\t\t\t\t<h2 class=\"elementor-heading-title elementor-size-default\">\u00dcBER UNS<\/h2>\t\t\t\t<\/div>\n\t\t\t\t<\/div>\n\t\t\t\t<div class=\"elementor-element elementor-element-d4707b9 elementor-widget elementor-widget-heading\" data-id=\"d4707b9\" data-element_type=\"widget\" data-e-type=\"widget\" data-widget_type=\"heading.default\">\n\t\t\t\t<div class=\"elementor-widget-container\">\n\t\t\t\t\t<h4 class=\"elementor-heading-title elementor-size-default\">Fritz Meier AG \u2013 ein bew\u00e4hrtes Familienunternehmen mit einem professionellen Netzwerk\nan der Seite\n<\/h4>\t\t\t\t<\/div>\n\t\t\t\t<\/div>\n\t\t\t\t\t<\/div>\n\t\t<\/div>\n\t\t\t\t\t<\/div>\n\t\t<\/section>\n\t\t\t\t<section class=\"elementor-section elementor-top-section elementor-element elementor-element-7d5d0aa elementor-section-boxed elementor-section-height-default elementor-section-height-default\" data-id=\"7d5d0aa\" data-element_type=\"section\" data-e-type=\"section\">\n\t\t\t\t\t\t<div class=\"elementor-container elementor-column-gap-no\">\n\t\t\t\t\t<div class=\"elementor-column elementor-col-50 elementor-top-column elementor-element elementor-element-9ad714a elementor-invisible\" data-id=\"9ad714a\" data-element_type=\"column\" data-e-type=\"column\" data-settings=\"{&quot;animation&quot;:&quot;slideInLeft&quot;}\">\n\t\t\t<div class=\"elementor-widget-wrap elementor-element-populated\">\n\t\t\t\t\t\t<div class=\"elementor-element elementor-element-0af9ba9 elementor-widget elementor-widget-image\" data-id=\"0af9ba9\" data-element_type=\"widget\" data-e-type=\"widget\" data-widget_type=\"image.default\">\n\t\t\t\t<div class=\"elementor-widget-container\">\n\t\t\t\t\t\t\t\t\t\t\t\t\t\t\t<img decoding=\"async\" width=\"800\" height=\"800\" src=\"https:\/\/fritzmeierag.ch\/wp-content\/uploads\/2022\/10\/Fritz-Meier-Transporte-Kran-Hallau-015.jpg\" class=\"attachment-large size-large wp-image-3828\" alt=\"\" srcset=\"https:\/\/fritzmeierag.ch\/wp-content\/uploads\/2022\/10\/Fritz-Meier-Transporte-Kran-Hallau-015.jpg 1000w, https:\/\/fritzmeierag.ch\/wp-content\/uploads\/2022\/10\/Fritz-Meier-Transporte-Kran-Hallau-015-300x300.jpg 300w, https:\/\/fritzmeierag.ch\/wp-content\/uploads\/2022\/10\/Fritz-Meier-Transporte-Kran-Hallau-015-150x150.jpg 150w, https:\/\/fritzmeierag.ch\/wp-content\/uploads\/2022\/10\/Fritz-Meier-Transporte-Kran-Hallau-015-768x768.jpg 768w\" sizes=\"(max-width: 800px) 100vw, 800px\" \/>\t\t\t\t\t\t\t\t\t\t\t\t\t\t\t<\/div>\n\t\t\t\t<\/div>\n\t\t\t\t\t<\/div>\n\t\t<\/div>\n\t\t\t\t<div class=\"elementor-column elementor-col-50 elementor-top-column elementor-element elementor-element-685bc0e\" data-id=\"685bc0e\" data-element_type=\"column\" data-e-type=\"column\">\n\t\t\t<div class=\"elementor-widget-wrap elementor-element-populated\">\n\t\t\t\t\t\t<div class=\"elementor-element elementor-element-95c4f7b elementor-widget elementor-widget-text-editor\" data-id=\"95c4f7b\" data-element_type=\"widget\" data-e-type=\"widget\" data-widget_type=\"text-editor.default\">\n\t\t\t\t<div class=\"elementor-widget-container\">\n\t\t\t\t\t\t\t\t\tSeit 1935 k\u00fcmmern wir uns mit Know-How und Einsatzbereitschaft um die vielseitigen Bed\u00fcrfnisse unserer Kunden. Wir sind ein echtes Familienunternehmen und befinden uns inzwischen in der zweiten und dritten Generation. Das Familienunternehmen wird von Hanspeter Meier, dem Gesch\u00e4ftsf\u00fchrer der Fritz Meier AG, zusammen mit seinem Sohn Michael Meier gef\u00fchrt. Wir k\u00f6nnen auf ein kompetentes Team von Mitarbeitern und Mitarbeiterinnen z\u00e4hlen und sind stolz auf unsere sachkundige Belegschaft. \n\nKundenzufriedenheit ist f\u00fcr uns der Massstab unserer Arbeit. Wir legen Wert darauf, dass die W\u00fcnsche und Bed\u00fcrfnisse unserer Kunden an oberster Stelle stehen und gehen bei der Erledigung der Arbeiten flexibel und mit viel Fachwissen auf diese Bed\u00fcrfnisse ein. Unsere Kunden sch\u00e4tzen den pers\u00f6nlichen Kontakt mit uns und k\u00f6nnen sich auf uns verlassen. \n\t\t\t\t\t\t\t\t<\/div>\n\t\t\t\t<\/div>\n\t\t\t\t\t<\/div>\n\t\t<\/div>\n\t\t\t\t\t<\/div>\n\t\t<\/section>\n\t\t\t\t<section class=\"elementor-section elementor-top-section elementor-element elementor-element-c2c3217 elementor-section-content-middle elementor-section-boxed elementor-section-height-default elementor-section-height-default\" data-id=\"c2c3217\" data-element_type=\"section\" data-e-type=\"section\">\n\t\t\t\t\t\t<div class=\"elementor-container elementor-column-gap-no\">\n\t\t\t\t\t<div class=\"elementor-column elementor-col-50 elementor-top-column elementor-element elementor-element-21c45bf elementor-invisible\" data-id=\"21c45bf\" data-element_type=\"column\" data-e-type=\"column\" data-settings=\"{&quot;animation&quot;:&quot;slideInLeft&quot;}\">\n\t\t\t<div class=\"elementor-widget-wrap elementor-element-populated\">\n\t\t\t\t\t\t<div class=\"elementor-element elementor-element-8e3932d elementor-widget elementor-widget-image\" data-id=\"8e3932d\" data-element_type=\"widget\" data-e-type=\"widget\" data-widget_type=\"image.default\">\n\t\t\t\t<div class=\"elementor-widget-container\">\n\t\t\t\t\t\t\t\t\t\t\t\t\t\t\t<img decoding=\"async\" width=\"700\" height=\"699\" src=\"https:\/\/fritzmeierag.ch\/wp-content\/uploads\/2022\/10\/Fritz-Meier-Transporte-Kran-Hallau-004_2-1.jpg\" class=\"attachment-large size-large wp-image-3863\" alt=\"\" srcset=\"https:\/\/fritzmeierag.ch\/wp-content\/uploads\/2022\/10\/Fritz-Meier-Transporte-Kran-Hallau-004_2-1.jpg 700w, https:\/\/fritzmeierag.ch\/wp-content\/uploads\/2022\/10\/Fritz-Meier-Transporte-Kran-Hallau-004_2-1-300x300.jpg 300w, https:\/\/fritzmeierag.ch\/wp-content\/uploads\/2022\/10\/Fritz-Meier-Transporte-Kran-Hallau-004_2-1-150x150.jpg 150w\" sizes=\"(max-width: 700px) 100vw, 700px\" \/>\t\t\t\t\t\t\t\t\t\t\t\t\t\t\t<\/div>\n\t\t\t\t<\/div>\n\t\t\t\t\t<\/div>\n\t\t<\/div>\n\t\t\t\t<div class=\"elementor-column elementor-col-50 elementor-top-column elementor-element elementor-element-e3f70c9\" data-id=\"e3f70c9\" data-element_type=\"column\" data-e-type=\"column\">\n\t\t\t<div class=\"elementor-widget-wrap elementor-element-populated\">\n\t\t\t\t\t\t<div class=\"elementor-element elementor-element-5425d0f elementor-widget elementor-widget-text-editor\" data-id=\"5425d0f\" data-element_type=\"widget\" data-e-type=\"widget\" data-widget_type=\"text-editor.default\">\n\t\t\t\t<div class=\"elementor-widget-container\">\n\t\t\t\t\t\t\t\t\t<p>Um die Nachfolge auch langfristig zu regeln und das Familienunternehmen sicher in die Zukunft zu f\u00fchren, haben wir gemeinsam mit den zwei Unternehmen \u00abRobert Neukomm AG\u00bb und \u00abHans Graf AG\u00bb im Jahr 2021 unsere Bauaktivit\u00e4ten an die Fortisbau AG \u00fcberf\u00fchrt. Alle drei Firmen bleiben als selbstst\u00e4ndige Aktiengesellschaft bestehen, einfach ohne operative Baut\u00e4tigkeit. Ganz nach dem Motto: \u00abGemeinsam sind wir st\u00e4rker\u00bb k\u00f6nnen nun alle Beteiligten auf einem festen Fundament die Zukunft beschreiten.<\/p>\t\t\t\t\t\t\t\t<\/div>\n\t\t\t\t<\/div>\n\t\t\t\t<div class=\"elementor-element elementor-element-6f5c4e5 elementor-widget elementor-widget-text-editor\" data-id=\"6f5c4e5\" data-element_type=\"widget\" data-e-type=\"widget\" data-widget_type=\"text-editor.default\">\n\t\t\t\t<div class=\"elementor-widget-container\">\n\t\t\t\t\t\t\t\t\tF\u00fcr uns ist kein Auftrag zu schwer oder zu weit. <br> Wir freuen uns auf Ihre Kontaktaufnahme.\t\t\t\t\t\t\t\t<\/div>\n\t\t\t\t<\/div>\n\t\t\t\t<div class=\"elementor-element elementor-element-9bd4ef9 elementor-align-left elementor-widget elementor-widget-button\" data-id=\"9bd4ef9\" data-element_type=\"widget\" data-e-type=\"widget\" data-widget_type=\"button.default\">\n\t\t\t\t<div class=\"elementor-widget-container\">\n\t\t\t\t\t\t\t\t\t<div class=\"elementor-button-wrapper\">\n\t\t\t\t\t<a class=\"elementor-button elementor-button-link elementor-size-sm\" href=\"https:\/\/fritzmeierag.ch\/index.php\/kontakt\/#kontakt\">\n\t\t\t\t\t\t<span class=\"elementor-button-content-wrapper\">\n\t\t\t\t\t\t\t\t\t<span class=\"elementor-button-text\">Kontakt<\/span>\n\t\t\t\t\t<\/span>\n\t\t\t\t\t<\/a>\n\t\t\t\t<\/div>\n\t\t\t\t\t\t\t\t<\/div>\n\t\t\t\t<\/div>\n\t\t\t\t\t<\/div>\n\t\t<\/div>\n\t\t\t\t\t<\/div>\n\t\t<\/section>\n\t\t\t\t<section class=\"elementor-section elementor-top-section elementor-element elementor-element-b7ce8f1 elementor-section-boxed elementor-section-height-default elementor-section-height-default\" data-id=\"b7ce8f1\" data-element_type=\"section\" data-e-type=\"section\" data-settings=\"{&quot;background_background&quot;:&quot;classic&quot;}\">\n\t\t\t\t\t\t<div class=\"elementor-container elementor-column-gap-no\">\n\t\t\t\t\t<div class=\"elementor-column elementor-col-33 elementor-top-column elementor-element elementor-element-bfa4ed6\" data-id=\"bfa4ed6\" data-element_type=\"column\" data-e-type=\"column\">\n\t\t\t<div class=\"elementor-widget-wrap elementor-element-populated\">\n\t\t\t\t\t\t<div class=\"elementor-element elementor-element-fd81dfe elementor-widget elementor-widget-heading\" data-id=\"fd81dfe\" data-element_type=\"widget\" data-e-type=\"widget\" data-widget_type=\"heading.default\">\n\t\t\t\t<div class=\"elementor-widget-container\">\n\t\t\t\t\t<h2 class=\"elementor-heading-title elementor-size-default\">Unsere Leistungen <br>im \u00dcberblick:<\/h2>\t\t\t\t<\/div>\n\t\t\t\t<\/div>\n\t\t\t\t\t<\/div>\n\t\t<\/div>\n\t\t\t\t<div class=\"elementor-column elementor-col-33 elementor-top-column elementor-element elementor-element-6b867c5\" data-id=\"6b867c5\" data-element_type=\"column\" data-e-type=\"column\">\n\t\t\t<div class=\"elementor-widget-wrap\">\n\t\t\t\t\t\t\t<\/div>\n\t\t<\/div>\n\t\t\t\t<div class=\"elementor-column elementor-col-33 elementor-top-column elementor-element elementor-element-0f9c615\" data-id=\"0f9c615\" data-element_type=\"column\" data-e-type=\"column\">\n\t\t\t<div class=\"elementor-widget-wrap\">\n\t\t\t\t\t\t\t<\/div>\n\t\t<\/div>\n\t\t\t\t\t<\/div>\n\t\t<\/section>\n\t\t\t\t<section class=\"elementor-section elementor-top-section elementor-element elementor-element-f9ce01b elementor-section-full_width elementor-section-height-default elementor-section-height-default\" data-id=\"f9ce01b\" data-element_type=\"section\" data-e-type=\"section\" data-settings=\"{&quot;background_background&quot;:&quot;classic&quot;}\">\n\t\t\t\t\t\t<div class=\"elementor-container elementor-column-gap-no\">\n\t\t\t\t\t<div class=\"elementor-column elementor-col-100 elementor-top-column elementor-element elementor-element-d934d72\" data-id=\"d934d72\" data-element_type=\"column\" data-e-type=\"column\">\n\t\t\t<div class=\"elementor-widget-wrap elementor-element-populated\">\n\t\t\t\t\t\t<div class=\"elementor-element elementor-element-2904f41 elementor-arrows-position-inside elementor-widget elementor-widget-image-carousel\" data-id=\"2904f41\" data-element_type=\"widget\" data-e-type=\"widget\" data-settings=\"{&quot;navigation&quot;:&quot;arrows&quot;,&quot;autoplay&quot;:&quot;yes&quot;,&quot;pause_on_hover&quot;:&quot;yes&quot;,&quot;pause_on_interaction&quot;:&quot;yes&quot;,&quot;autoplay_speed&quot;:5000,&quot;infinite&quot;:&quot;yes&quot;,&quot;speed&quot;:500}\" data-widget_type=\"image-carousel.default\">\n\t\t\t\t<div class=\"elementor-widget-container\">\n\t\t\t\t\t\t\t<div class=\"elementor-image-carousel-wrapper swiper\" role=\"region\" aria-roledescription=\"carousel\" aria-label=\"Bild Karussell\" dir=\"ltr\">\n\t\t\t<div class=\"elementor-image-carousel swiper-wrapper swiper-image-stretch\" aria-live=\"off\">\n\t\t\t\t\t\t\t\t<div class=\"swiper-slide\" role=\"group\" aria-roledescription=\"slide\" aria-label=\"1 von 6\"><figure class=\"swiper-slide-inner\"><img decoding=\"async\" class=\"swiper-slide-image\" src=\"https:\/\/fritzmeierag.ch\/wp-content\/uploads\/2022\/11\/Fritz-Meier-Transporte-Kran-Hallau-091_neu2-1024x756.jpg\" alt=\"Fritz-Meier-Transporte-Kran-Hallau-091_neu2\" \/><\/figure><\/div><div class=\"swiper-slide\" role=\"group\" aria-roledescription=\"slide\" aria-label=\"2 von 6\"><figure class=\"swiper-slide-inner\"><img decoding=\"async\" class=\"swiper-slide-image\" src=\"https:\/\/fritzmeierag.ch\/wp-content\/uploads\/2022\/11\/Fritz-Meier-Transporte-Kran-Hallau-116_neu2-1024x756.jpg\" alt=\"Fritz-Meier-Transporte-Kran-Hallau-116_neu2\" \/><\/figure><\/div><div class=\"swiper-slide\" role=\"group\" aria-roledescription=\"slide\" aria-label=\"3 von 6\"><figure class=\"swiper-slide-inner\"><img decoding=\"async\" class=\"swiper-slide-image\" src=\"https:\/\/fritzmeierag.ch\/wp-content\/uploads\/2022\/11\/Fritz-Meier-Transporte-Kran-Hallau-100_neu2-1024x756.jpg\" alt=\"Fritz-Meier-Transporte-Kran-Hallau-100_neu2\" \/><\/figure><\/div><div class=\"swiper-slide\" role=\"group\" aria-roledescription=\"slide\" aria-label=\"4 von 6\"><figure class=\"swiper-slide-inner\"><img decoding=\"async\" class=\"swiper-slide-image\" src=\"https:\/\/fritzmeierag.ch\/wp-content\/uploads\/2022\/11\/Fritz-Meier-Transporte-Kran-Hallau-094_2-1024x756.jpg\" alt=\"Fritz-Meier-Transporte-Kran-Hallau-094_2\" \/><\/figure><\/div><div class=\"swiper-slide\" role=\"group\" aria-roledescription=\"slide\" aria-label=\"5 von 6\"><figure class=\"swiper-slide-inner\"><img decoding=\"async\" class=\"swiper-slide-image\" src=\"https:\/\/fritzmeierag.ch\/wp-content\/uploads\/2022\/11\/Fritz-Meier-Transporte-Kran-Hallau-083_neu2-1024x757.jpg\" alt=\"Fritz-Meier-Transporte-Kran-Hallau-083_neu2\" \/><\/figure><\/div><div class=\"swiper-slide\" role=\"group\" aria-roledescription=\"slide\" aria-label=\"6 von 6\"><figure class=\"swiper-slide-inner\"><img decoding=\"async\" class=\"swiper-slide-image\" src=\"https:\/\/fritzmeierag.ch\/wp-content\/uploads\/2022\/11\/Fritz-Meier-Transporte-Kran-Hallau-082_neu2-1024x756.jpg\" alt=\"Fritz-Meier-Transporte-Kran-Hallau-082_neu2\" \/><\/figure><\/div>\t\t\t<\/div>\n\t\t\t\t\t\t\t\t\t\t\t\t<div class=\"elementor-swiper-button elementor-swiper-button-prev\" role=\"button\" tabindex=\"0\">\n\t\t\t\t\t\t<i aria-hidden=\"true\" class=\"eicon-chevron-left\"><\/i>\t\t\t\t\t<\/div>\n\t\t\t\t\t<div class=\"elementor-swiper-button elementor-swiper-button-next\" role=\"button\" tabindex=\"0\">\n\t\t\t\t\t\t<i aria-hidden=\"true\" class=\"eicon-chevron-right\"><\/i>\t\t\t\t\t<\/div>\n\t\t\t\t\n\t\t\t\t\t\t\t\t\t<\/div>\n\t\t\t\t\t\t<\/div>\n\t\t\t\t<\/div>\n\t\t\t\t\t<\/div>\n\t\t<\/div>\n\t\t\t\t\t<\/div>\n\t\t<\/section>\n\t\t\t\t<\/div>\n\t\t","protected":false},"excerpt":{"rendered":"<p>\u00dcBER UNS Fritz Meier AG \u2013 ein bew\u00e4hrtes Familienunternehmen mit einem professionellen Netzwerk an der Seite Seit 1935 k\u00fcmmern wir uns mit Know-How und Einsatzbereitschaft um die vielseitigen Bed\u00fcrfnisse unserer Kunden. Wir sind ein echtes Familienunternehmen und befinden uns inzwischen in der zweiten und dritten Generation. Das Familienunternehmen wird von Hanspeter Meier, dem Gesch\u00e4ftsf\u00fchrer der [&hellip;]<\/p>\n","protected":false},"author":2,"featured_media":0,"parent":0,"menu_order":0,"comment_status":"closed","ping_status":"closed","template":"","meta":{"footnotes":""},"class_list":["post-864","page","type-page","status-publish","hentry"],"yoast_head":"<!-- This site is optimized with the Yoast SEO plugin v28.3 - https:\/\/yoast.com\/product\/yoast-seo-wordpress\/ -->\n<title>\u00dcber uns - Fritz Meier AG<\/title>\n<meta name=\"robots\" content=\"index, follow, max-snippet:-1, max-image-preview:large, max-video-preview:-1\" \/>\n<link rel=\"canonical\" href=\"https:\/\/fritzmeierag.ch\/index.php\/ueber-uns\/\" \/>\n<meta property=\"og:locale\" content=\"de_DE\" \/>\n<meta property=\"og:type\" content=\"article\" \/>\n<meta property=\"og:title\" content=\"\u00dcber uns - Fritz Meier AG\" \/>\n<meta property=\"og:description\" content=\"\u00dcBER UNS Fritz Meier AG \u2013 ein bew\u00e4hrtes Familienunternehmen mit einem professionellen Netzwerk an der Seite Seit 1935 k\u00fcmmern wir uns mit Know-How und Einsatzbereitschaft um die vielseitigen Bed\u00fcrfnisse unserer Kunden. Wir sind ein echtes Familienunternehmen und befinden uns inzwischen in der zweiten und dritten Generation. Das Familienunternehmen wird von Hanspeter Meier, dem Gesch\u00e4ftsf\u00fchrer der [&hellip;]\" \/>\n<meta property=\"og:url\" content=\"https:\/\/fritzmeierag.ch\/index.php\/ueber-uns\/\" \/>\n<meta property=\"og:site_name\" content=\"Fritz Meier AG\" \/>\n<meta property=\"article:modified_time\" content=\"2024-01-10T10:38:38+00:00\" \/>\n<meta property=\"og:image\" content=\"https:\/\/fritzmeierag.ch\/wp-content\/uploads\/2022\/10\/Fritz-Meier-Transporte-Kran-Hallau-085_header1.jpg\" \/>\n<meta name=\"twitter:card\" content=\"summary_large_image\" \/>\n<meta name=\"twitter:label1\" content=\"Gesch\u00e4tzte Lesezeit\" \/>\n\t<meta name=\"twitter:data1\" content=\"5\u00a0Minuten\" \/>\n<script type=\"application\/ld+json\" class=\"yoast-schema-graph\">{\"@context\":\"https:\\\/\\\/schema.org\",\"@graph\":[{\"@type\":\"WebPage\",\"@id\":\"https:\\\/\\\/fritzmeierag.ch\\\/index.php\\\/ueber-uns\\\/\",\"url\":\"https:\\\/\\\/fritzmeierag.ch\\\/index.php\\\/ueber-uns\\\/\",\"name\":\"\u00dcber uns - Fritz Meier AG\",\"isPartOf\":{\"@id\":\"https:\\\/\\\/fritzmeierag.ch\\\/#website\"},\"primaryImageOfPage\":{\"@id\":\"https:\\\/\\\/fritzmeierag.ch\\\/index.php\\\/ueber-uns\\\/#primaryimage\"},\"image\":{\"@id\":\"https:\\\/\\\/fritzmeierag.ch\\\/index.php\\\/ueber-uns\\\/#primaryimage\"},\"thumbnailUrl\":\"https:\\\/\\\/fritzmeierag.ch\\\/wp-content\\\/uploads\\\/2022\\\/10\\\/Fritz-Meier-Transporte-Kran-Hallau-085_header1.jpg\",\"datePublished\":\"2022-09-30T11:55:26+00:00\",\"dateModified\":\"2024-01-10T10:38:38+00:00\",\"breadcrumb\":{\"@id\":\"https:\\\/\\\/fritzmeierag.ch\\\/index.php\\\/ueber-uns\\\/#breadcrumb\"},\"inLanguage\":\"de\",\"potentialAction\":[{\"@type\":\"ReadAction\",\"target\":[\"https:\\\/\\\/fritzmeierag.ch\\\/index.php\\\/ueber-uns\\\/\"]}]},{\"@type\":\"ImageObject\",\"inLanguage\":\"de\",\"@id\":\"https:\\\/\\\/fritzmeierag.ch\\\/index.php\\\/ueber-uns\\\/#primaryimage\",\"url\":\"https:\\\/\\\/fritzmeierag.ch\\\/wp-content\\\/uploads\\\/2022\\\/10\\\/Fritz-Meier-Transporte-Kran-Hallau-085_header1.jpg\",\"contentUrl\":\"https:\\\/\\\/fritzmeierag.ch\\\/wp-content\\\/uploads\\\/2022\\\/10\\\/Fritz-Meier-Transporte-Kran-Hallau-085_header1.jpg\",\"width\":1920,\"height\":850},{\"@type\":\"BreadcrumbList\",\"@id\":\"https:\\\/\\\/fritzmeierag.ch\\\/index.php\\\/ueber-uns\\\/#breadcrumb\",\"itemListElement\":[{\"@type\":\"ListItem\",\"position\":1,\"name\":\"Startseite\",\"item\":\"https:\\\/\\\/fritzmeierag.ch\\\/\"},{\"@type\":\"ListItem\",\"position\":2,\"name\":\"\u00dcber uns\"}]},{\"@type\":\"WebSite\",\"@id\":\"https:\\\/\\\/fritzmeierag.ch\\\/#website\",\"url\":\"https:\\\/\\\/fritzmeierag.ch\\\/\",\"name\":\"Fritz Meier AG\",\"description\":\"Hoch und Tiefbau\",\"publisher\":{\"@id\":\"https:\\\/\\\/fritzmeierag.ch\\\/#organization\"},\"potentialAction\":[{\"@type\":\"SearchAction\",\"target\":{\"@type\":\"EntryPoint\",\"urlTemplate\":\"https:\\\/\\\/fritzmeierag.ch\\\/?s={search_term_string}\"},\"query-input\":{\"@type\":\"PropertyValueSpecification\",\"valueRequired\":true,\"valueName\":\"search_term_string\"}}],\"inLanguage\":\"de\"},{\"@type\":\"Organization\",\"@id\":\"https:\\\/\\\/fritzmeierag.ch\\\/#organization\",\"name\":\"Fritz Meier AG\",\"url\":\"https:\\\/\\\/fritzmeierag.ch\\\/\",\"logo\":{\"@type\":\"ImageObject\",\"inLanguage\":\"de\",\"@id\":\"https:\\\/\\\/fritzmeierag.ch\\\/#\\\/schema\\\/logo\\\/image\\\/\",\"url\":\"https:\\\/\\\/fritzmeierag.ch\\\/wp-content\\\/uploads\\\/2022\\\/09\\\/FritzMeierAG_Logo_1-Kopie.png\",\"contentUrl\":\"https:\\\/\\\/fritzmeierag.ch\\\/wp-content\\\/uploads\\\/2022\\\/09\\\/FritzMeierAG_Logo_1-Kopie.png\",\"width\":442,\"height\":159,\"caption\":\"Fritz Meier AG\"},\"image\":{\"@id\":\"https:\\\/\\\/fritzmeierag.ch\\\/#\\\/schema\\\/logo\\\/image\\\/\"}}]}<\/script>\n<!-- \/ Yoast SEO plugin. -->","yoast_head_json":{"title":"\u00dcber uns - Fritz Meier AG","robots":{"index":"index","follow":"follow","max-snippet":"max-snippet:-1","max-image-preview":"max-image-preview:large","max-video-preview":"max-video-preview:-1"},"canonical":"https:\/\/fritzmeierag.ch\/index.php\/ueber-uns\/","og_locale":"de_DE","og_type":"article","og_title":"\u00dcber uns - Fritz Meier AG","og_description":"\u00dcBER UNS Fritz Meier AG \u2013 ein bew\u00e4hrtes Familienunternehmen mit einem professionellen Netzwerk an der Seite Seit 1935 k\u00fcmmern wir uns mit Know-How und Einsatzbereitschaft um die vielseitigen Bed\u00fcrfnisse unserer Kunden. Wir sind ein echtes Familienunternehmen und befinden uns inzwischen in der zweiten und dritten Generation. Das Familienunternehmen wird von Hanspeter Meier, dem Gesch\u00e4ftsf\u00fchrer der [&hellip;]","og_url":"https:\/\/fritzmeierag.ch\/index.php\/ueber-uns\/","og_site_name":"Fritz Meier AG","article_modified_time":"2024-01-10T10:38:38+00:00","og_image":[{"url":"https:\/\/fritzmeierag.ch\/wp-content\/uploads\/2022\/10\/Fritz-Meier-Transporte-Kran-Hallau-085_header1.jpg","type":"","width":"","height":""}],"twitter_card":"summary_large_image","twitter_misc":{"Gesch\u00e4tzte Lesezeit":"5\u00a0Minuten"},"schema":{"@context":"https:\/\/schema.org","@graph":[{"@type":"WebPage","@id":"https:\/\/fritzmeierag.ch\/index.php\/ueber-uns\/","url":"https:\/\/fritzmeierag.ch\/index.php\/ueber-uns\/","name":"\u00dcber uns - Fritz Meier AG","isPartOf":{"@id":"https:\/\/fritzmeierag.ch\/#website"},"primaryImageOfPage":{"@id":"https:\/\/fritzmeierag.ch\/index.php\/ueber-uns\/#primaryimage"},"image":{"@id":"https:\/\/fritzmeierag.ch\/index.php\/ueber-uns\/#primaryimage"},"thumbnailUrl":"https:\/\/fritzmeierag.ch\/wp-content\/uploads\/2022\/10\/Fritz-Meier-Transporte-Kran-Hallau-085_header1.jpg","datePublished":"2022-09-30T11:55:26+00:00","dateModified":"2024-01-10T10:38:38+00:00","breadcrumb":{"@id":"https:\/\/fritzmeierag.ch\/index.php\/ueber-uns\/#breadcrumb"},"inLanguage":"de","potentialAction":[{"@type":"ReadAction","target":["https:\/\/fritzmeierag.ch\/index.php\/ueber-uns\/"]}]},{"@type":"ImageObject","inLanguage":"de","@id":"https:\/\/fritzmeierag.ch\/index.php\/ueber-uns\/#primaryimage","url":"https:\/\/fritzmeierag.ch\/wp-content\/uploads\/2022\/10\/Fritz-Meier-Transporte-Kran-Hallau-085_header1.jpg","contentUrl":"https:\/\/fritzmeierag.ch\/wp-content\/uploads\/2022\/10\/Fritz-Meier-Transporte-Kran-Hallau-085_header1.jpg","width":1920,"height":850},{"@type":"BreadcrumbList","@id":"https:\/\/fritzmeierag.ch\/index.php\/ueber-uns\/#breadcrumb","itemListElement":[{"@type":"ListItem","position":1,"name":"Startseite","item":"https:\/\/fritzmeierag.ch\/"},{"@type":"ListItem","position":2,"name":"\u00dcber uns"}]},{"@type":"WebSite","@id":"https:\/\/fritzmeierag.ch\/#website","url":"https:\/\/fritzmeierag.ch\/","name":"Fritz Meier AG","description":"Hoch und Tiefbau","publisher":{"@id":"https:\/\/fritzmeierag.ch\/#organization"},"potentialAction":[{"@type":"SearchAction","target":{"@type":"EntryPoint","urlTemplate":"https:\/\/fritzmeierag.ch\/?s={search_term_string}"},"query-input":{"@type":"PropertyValueSpecification","valueRequired":true,"valueName":"search_term_string"}}],"inLanguage":"de"},{"@type":"Organization","@id":"https:\/\/fritzmeierag.ch\/#organization","name":"Fritz Meier AG","url":"https:\/\/fritzmeierag.ch\/","logo":{"@type":"ImageObject","inLanguage":"de","@id":"https:\/\/fritzmeierag.ch\/#\/schema\/logo\/image\/","url":"https:\/\/fritzmeierag.ch\/wp-content\/uploads\/2022\/09\/FritzMeierAG_Logo_1-Kopie.png","contentUrl":"https:\/\/fritzmeierag.ch\/wp-content\/uploads\/2022\/09\/FritzMeierAG_Logo_1-Kopie.png","width":442,"height":159,"caption":"Fritz Meier AG"},"image":{"@id":"https:\/\/fritzmeierag.ch\/#\/schema\/logo\/image\/"}}]}},"_links":{"self":[{"href":"https:\/\/fritzmeierag.ch\/index.php\/wp-json\/wp\/v2\/pages\/864","targetHints":{"allow":["GET"]}}],"collection":[{"href":"https:\/\/fritzmeierag.ch\/index.php\/wp-json\/wp\/v2\/pages"}],"about":[{"href":"https:\/\/fritzmeierag.ch\/index.php\/wp-json\/wp\/v2\/types\/page"}],"author":[{"embeddable":true,"href":"https:\/\/fritzmeierag.ch\/index.php\/wp-json\/wp\/v2\/users\/2"}],"replies":[{"embeddable":true,"href":"https:\/\/fritzmeierag.ch\/index.php\/wp-json\/wp\/v2\/comments?post=864"}],"version-history":[{"count":248,"href":"https:\/\/fritzmeierag.ch\/index.php\/wp-json\/wp\/v2\/pages\/864\/revisions"}],"predecessor-version":[{"id":4541,"href":"https:\/\/fritzmeierag.ch\/index.php\/wp-json\/wp\/v2\/pages\/864\/revisions\/4541"}],"wp:attachment":[{"href":"https:\/\/fritzmeierag.ch\/index.php\/wp-json\/wp\/v2\/media?parent=864"}],"curies":[{"name":"wp","href":"https:\/\/api.w.org\/{rel}","templated":true}]}}